{"id":430,"date":"2017-04-03T14:24:37","date_gmt":"2017-04-03T12:24:37","guid":{"rendered":"http:\/\/valenciasaaold.salesianos.edu\/?page_id=430"},"modified":"2025-02-12T11:30:30","modified_gmt":"2025-02-12T09:30:30","slug":"inicio","status":"publish","type":"page","link":"https:\/\/valenciasaa.salesianos.edu\/ampas\/","title":{"rendered":"Inicio"},"content":{"rendered":"<p>[et_pb_section fb_built=\u00bb1&#8243; fullwidth=\u00bbon\u00bb _builder_version=\u00bb4.16&#8243; global_colors_info=\u00bb{}\u00bb][et_pb_fullwidth_header title=\u00bbAMPAS\u00bb module_class=\u00bbpagina-imagen-cabecera\u00bb _builder_version=\u00bb4.24.2&#8243; title_text_color=\u00bb#ffffff\u00bb title_font_size=\u00bb40px\u00bb background_color=\u00bbrgba(255, 255, 255, 0)\u00bb background_image=\u00bbhttps:\/\/valenciasaa.salesianos.edu\/ampas\/wp-content\/uploads\/sites\/8\/2024\/02\/portada-AMPAS.jpg\u00bb max_width_tablet=\u00bb50px\u00bb text_shadow_style=\u00bbpreset1&#8243; global_colors_info=\u00bb{}\u00bb button_one_text_size__hover_enabled=\u00bboff\u00bb button_two_text_size__hover_enabled=\u00bboff\u00bb button_one_text_color__hover_enabled=\u00bboff\u00bb button_two_text_color__hover_enabled=\u00bboff\u00bb button_one_border_width__hover_enabled=\u00bboff\u00bb button_two_border_width__hover_enabled=\u00bboff\u00bb button_one_border_color__hover_enabled=\u00bboff\u00bb button_two_border_color__hover_enabled=\u00bboff\u00bb button_one_border_radius__hover_enabled=\u00bboff\u00bb button_two_border_radius__hover_enabled=\u00bboff\u00bb button_one_letter_spacing__hover_enabled=\u00bboff\u00bb button_two_letter_spacing__hover_enabled=\u00bboff\u00bb button_one_bg_color__hover_enabled=\u00bboff\u00bb button_two_bg_color__hover_enabled=\u00bboff\u00bb]<\/p>\n<p style=\"text-align: right;\">\u00abCONTAMOS CONTIGO\u00bb<\/p>\n<p>[\/et_pb_fullwidth_header][\/et_pb_section][et_pb_section fb_built=\u00bb1&#8243; _builder_version=\u00bb4.16&#8243; custom_padding=\u00bb15px||2px|||\u00bb global_colors_info=\u00bb{}\u00bb][et_pb_row _builder_version=\u00bb4.16&#8243; background_size=\u00bbinitial\u00bb background_position=\u00bbtop_left\u00bb background_repeat=\u00bbrepeat\u00bb custom_padding=\u00bb25.1094px|0px|0px|0px\u00bb global_colors_info=\u00bb{}\u00bb][et_pb_column type=\u00bb4_4&#8243; _builder_version=\u00bb4.16&#8243; custom_padding=\u00bb|||\u00bb global_colors_info=\u00bb{}\u00bb custom_padding__hover=\u00bb|||\u00bb][et_pb_text admin_label=\u00bbNoticias de la casa (Texto)\u00bb _builder_version=\u00bb4.17.3&#8243; text_font=\u00bbArial||||\u00bb text_text_color=\u00bb#636a70&#8243; text_font_size=\u00bb22&#8243; text_line_height=\u00bb1.6em\u00bb header_font=\u00bbArial||||\u00bb header_text_color=\u00bb#636a70&#8243; header_font_size=\u00bb46px\u00bb background_size=\u00bbinitial\u00bb background_position=\u00bbtop_left\u00bb background_repeat=\u00bbrepeat\u00bb custom_margin=\u00bb||25px|\u00bb custom_padding=\u00bb|||\u00bb saved_tabs=\u00bball\u00bb global_colors_info=\u00bb{}\u00bb]<\/p>\n<p class=\"\"><strong>Noticias de AMPAS<\/strong><strong><img loading=\"lazy\" decoding=\"async\" class=\"wp-image-3090 alignleft\" src=\"https:\/\/alicante.salesianos.edu\/wp-content\/uploads\/2017\/03\/Captura-de-pantalla-2017-05-24-a-las-13.27.09-150x150.png\" alt=\"\" width=\"29\" height=\"30\" \/><\/strong><\/p>\n<p>[\/et_pb_text][\/et_pb_column][\/et_pb_row][et_pb_row _builder_version=\u00bb4.16&#8243; background_size=\u00bbinitial\u00bb background_position=\u00bbtop_left\u00bb background_repeat=\u00bbrepeat\u00bb custom_padding=\u00bb1px|0px|0px|0px\u00bb global_colors_info=\u00bb{}\u00bb][et_pb_column type=\u00bb4_4&#8243; _builder_version=\u00bb4.16&#8243; custom_padding=\u00bb|||\u00bb global_colors_info=\u00bb{}\u00bb custom_padding__hover=\u00bb|||\u00bb][et_pb_blog fullwidth=\u00bboff\u00bb posts_number=\u00bb3&#8243; meta_date=\u00bbd\/m\/y\u00bb show_more=\u00bbon\u00bb show_author=\u00bboff\u00bb show_date=\u00bboff\u00bb show_categories=\u00bboff\u00bb use_overlay=\u00bbon\u00bb overlay_icon_color=\u00bb#e02b20&#8243; hover_overlay_color=\u00bb#e09900&#8243; admin_label=\u00bbUltimas noticias (blog)\u00bb _builder_version=\u00bb4.24.2&#8243; header_font=\u00bb|on|||\u00bb header_text_color=\u00bb#c9361c\u00bb header_font_size=\u00bb16&#8243; body_font_size=\u00bb12&#8243; body_line_height=\u00bb1.5em\u00bb meta_font=\u00bb||on||\u00bb meta_font_size=\u00bb12&#8243; meta_line_height=\u00bb1.5em\u00bb custom_margin=\u00bb-30px|||||\u00bb body_font_size_last_edited=\u00bboff|\u00bb pagination_font_size_tablet=\u00bb51&#8243; pagination_line_height_tablet=\u00bb2&#8243; global_colors_info=\u00bb{}\u00bb]\u00a0<br \/>\n[\/et_pb_blog][\/et_pb_column][\/et_pb_row][et_pb_row column_structure=\u00bb2_3,1_3&#8243; _builder_version=\u00bb4.27.4&#8243; background_size=\u00bbinitial\u00bb background_position=\u00bbtop_left\u00bb background_repeat=\u00bbrepeat\u00bb width=\u00bb100%\u00bb custom_margin=\u00bb29px|auto||auto||\u00bb custom_padding=\u00bb0px|0px|0px|0px||\u00bb hover_enabled=\u00bb0&#8243; border_color_all=\u00bb#E02B20&#8243; global_colors_info=\u00bb{}\u00bb sticky_enabled=\u00bb0&#8243;][et_pb_column type=\u00bb2_3&#8243; _builder_version=\u00bb4.16&#8243; custom_padding=\u00bb|||\u00bb global_colors_info=\u00bb{}\u00bb custom_padding__hover=\u00bb|||\u00bb][et_pb_video src=\u00bbhttps:\/\/valenciasaa.salesianos.edu\/ampas\/wp-content\/uploads\/sites\/8\/2021\/09\/AMPAS-21-22.mp4&#8243; _builder_version=\u00bb4.27.4&#8243; hover_enabled=\u00bb0&#8243; global_colors_info=\u00bb{}\u00bb border_width_all=\u00bb2px\u00bb border_color_all=\u00bb#E02B20&#8243; sticky_enabled=\u00bb0&#8243;][\/et_pb_video][\/et_pb_column][et_pb_column type=\u00bb1_3&#8243; _builder_version=\u00bb4.16&#8243; custom_padding=\u00bb|||\u00bb global_colors_info=\u00bb{}\u00bb custom_padding__hover=\u00bb|||\u00bb][et_pb_image src=\u00bbhttps:\/\/valenciasaa.salesianos.edu\/ampas\/wp-content\/uploads\/sites\/8\/2025\/02\/valencia-san-antonio-color-PNG.png\u00bb title_text=\u00bbvalencia san antonio color PNG\u00bb _builder_version=\u00bb4.27.4&#8243; _module_preset=\u00bbdefault\u00bb module_alignment=\u00bbcenter\u00bb global_colors_info=\u00bb{}\u00bb][\/et_pb_image][\/et_pb_column][\/et_pb_row][et_pb_row _builder_version=\u00bb4.16&#8243; background_size=\u00bbinitial\u00bb background_position=\u00bbtop_left\u00bb background_repeat=\u00bbrepeat\u00bb custom_padding=\u00bb60px|||||\u00bb global_colors_info=\u00bb{}\u00bb][et_pb_column type=\u00bb4_4&#8243; _builder_version=\u00bb4.16&#8243; custom_padding=\u00bb|||\u00bb global_colors_info=\u00bb{}\u00bb custom_padding__hover=\u00bb|||\u00bb][et_pb_text admin_label=\u00bb\u00bfQui\u00e9nes somos? (Texto)\u00bb _builder_version=\u00bb4.16&#8243; text_font=\u00bbArial||||\u00bb text_text_color=\u00bb#636a70&#8243; text_font_size=\u00bb22&#8243; text_line_height=\u00bb1.6em\u00bb header_font=\u00bbArial||||\u00bb header_text_color=\u00bb#636a70&#8243; header_font_size=\u00bb46px\u00bb background_size=\u00bbinitial\u00bb background_position=\u00bbtop_left\u00bb background_repeat=\u00bbrepeat\u00bb global_colors_info=\u00bb{}\u00bb]<\/p>\n<p class=\"\"><strong>Saludo<\/strong><strong><img loading=\"lazy\" decoding=\"async\" class=\"wp-image-1598 alignleft\" src=\"https:\/\/alicante.salesianos.edu\/wp-content\/uploads\/2017\/03\/don-bosco.png\" alt=\"\" width=\"29\" height=\"30\" \/><\/strong><\/p>\n<p>[\/et_pb_text][\/et_pb_column][\/et_pb_row][et_pb_row column_structure=\u00bb1_4,3_4&#8243; _builder_version=\u00bb4.16&#8243; custom_margin=\u00bb-2px|auto|-2px|auto|true|\u00bb custom_padding=\u00bb0px|||||\u00bb global_colors_info=\u00bb{}\u00bb][et_pb_column type=\u00bb1_4&#8243; _builder_version=\u00bb4.16&#8243; custom_padding=\u00bb|||\u00bb global_colors_info=\u00bb{}\u00bb custom_padding__hover=\u00bb|||\u00bb][et_pb_image src=\u00bbhttps:\/\/valenciasaa.salesianos.edu\/ampas\/wp-content\/uploads\/sites\/8\/2022\/12\/IMG_5883.jpg\u00bb alt=\u00bbRosendo Soler Mir\u00f3\u00bb title_text=\u00bbIMG_5883&#8243; admin_label=\u00bbFoto Presidente (Imagen)\u00bb _builder_version=\u00bb4.17.3&#8243; animation_style=\u00bbslide\u00bb animation_direction=\u00bbleft\u00bb animation_duration=\u00bb500ms\u00bb animation_intensity_slide=\u00bb10%\u00bb always_center_on_mobile=\u00bboff\u00bb global_colors_info=\u00bb{}\u00bb][\/et_pb_image][et_pb_text disabled_on=\u00bbon|on|on\u00bb _builder_version=\u00bb4.16&#8243; text_font=\u00bbLato||||\u00bb text_text_color=\u00bb#e02b20&#8243; text_font_size=\u00bb17px\u00bb header_font=\u00bbLato||||\u00bb custom_margin=\u00bb|||\u00bb custom_padding=\u00bb1px|||\u00bb disabled=\u00bbon\u00bb global_colors_info=\u00bb{}\u00bb]Atenci\u00f3n al p\u00fablico<br \/>\n[\/et_pb_text][et_pb_text disabled_on=\u00bbon|on|on\u00bb _builder_version=\u00bb4.16&#8243; text_font=\u00bbLato Light||||\u00bb text_font_size=\u00bb13px\u00bb text_line_height=\u00bb1.3em\u00bb header_font=\u00bbLato||||\u00bb custom_margin=\u00bb-10px|||\u00bb disabled=\u00bbon\u00bb global_colors_info=\u00bb{}\u00bb]Pedir cita en recepci\u00f3n | <a href=\"callto:965924842\">963 655 770<\/a><br \/>\n[\/et_pb_text][\/et_pb_column][et_pb_column type=\u00bb3_4&#8243; _builder_version=\u00bb4.16&#8243; custom_padding=\u00bb|||\u00bb global_colors_info=\u00bb{}\u00bb custom_padding__hover=\u00bb|||\u00bb][et_pb_text _builder_version=\u00bb4.16&#8243; text_font=\u00bbLato Light||||\u00bb custom_margin=\u00bb10px|||\u00bb custom_padding=\u00bb||0px|||\u00bb global_colors_info=\u00bb{}\u00bb]<\/p>\n<h1>Bienvenido\/a a la web de AMPAS del Colegio Salesiano San Antonio Abad.<\/h1>\n<p>[\/et_pb_text][et_pb_text _builder_version=\u00bb4.24.2&#8243; global_colors_info=\u00bb{}\u00bb]<\/p>\n<p style=\"text-align: justify;\">\u00a1Bienvenidos padres y madres del AMPAS!<\/p>\n<p style=\"text-align: justify;\">Todos los que formamos parte del AMPAS somos <strong>padres y madres comprometidos<\/strong> con la educaci\u00f3n de nuestros hijos en particular, y con la mejora de la comunidad educativa en general. Los padres debemos ser conscientes de que las familias <strong>somos un miembro m\u00e1s de la comunidad educativa<\/strong>, junto con los propios alumnos y los profesores.<\/p>\n<p style=\"text-align: justify;\">Como padres creemos que es de vital importancia nuestra implicaci\u00f3n tanto en la educaci\u00f3n como en la ense\u00f1anza de nuestros hijos. Es una tarea com\u00fan.<\/p>\n<p style=\"text-align: justify;\">Este curso se ha renovado la Junta del AMPAS. Asumimos con ilusi\u00f3n este compromiso y queremos animaros a todos a sentiros parte activa del AMPAS. Vuestras opiniones, aportaciones e inquietudes son fundamentales para construir un AMPAS vivo.<\/p>\n<p style=\"text-align: justify;\">\u00a1Contamos contigo!<\/p>\n<p>[\/et_pb_text][et_pb_text _builder_version=\u00bb4.24.2&#8243; text_font=\u00bbLato||||\u00bb text_text_color=\u00bb#e02b20&#8243; text_font_size=\u00bb20px\u00bb text_orientation=\u00bbright\u00bb global_colors_info=\u00bb{}\u00bb]<\/p>\n<h4>Salva Solaz (Presidente de AMPAS)<\/h4>\n<p>[\/et_pb_text][\/et_pb_column][\/et_pb_row][et_pb_row column_structure=\u00bb1_2,1_2&#8243; _builder_version=\u00bb4.16&#8243; background_size=\u00bbinitial\u00bb background_position=\u00bbtop_left\u00bb background_repeat=\u00bbrepeat\u00bb custom_margin=\u00bb29px|auto||auto||\u00bb custom_padding=\u00bb0px|0px|0px|0px||\u00bb global_colors_info=\u00bb{}\u00bb][et_pb_column type=\u00bb1_2&#8243; _builder_version=\u00bb4.16&#8243; custom_padding=\u00bb|||\u00bb global_colors_info=\u00bb{}\u00bb custom_padding__hover=\u00bb|||\u00bb][et_pb_blurb title=\u00bbContacta con nosotros\u00bb _builder_version=\u00bb4.16&#8243; header_font=\u00bb||||||||\u00bb header_font_size=\u00bb30px\u00bb custom_padding=\u00bb4px|||||\u00bb global_colors_info=\u00bb{}\u00bb]<\/p>\n<p>Si lo deseas, puedes ponerte en <strong>contacto<\/strong> con nosotros a trav\u00e9s de:<\/p>\n<p>&#8211; <strong>Mail<\/strong>: <a href=\"mailto:ampas.valenciasaa@salesianos.edu\">ampas.valenciasaa@salesianos.edu<\/a><\/p>\n<p>&#8211; Buz\u00f3n de <a href=\"https:\/\/docs.google.com\/forms\/d\/1ajgYYhqGQhNy5IzIkCVI_81MKyjniREAM1cVBbi592Q\/edit?usp=sharing\"><strong>sugerencias<\/strong><\/a><\/p>\n<p>&#8211; En la <strong>porter\u00eda<\/strong> del colegio<\/p>\n<p>[\/et_pb_blurb][\/et_pb_column][et_pb_column type=\u00bb1_2&#8243; _builder_version=\u00bb4.16&#8243; custom_padding=\u00bb|||\u00bb global_colors_info=\u00bb{}\u00bb custom_padding__hover=\u00bb|||\u00bb][et_pb_code _builder_version=\u00bb4.24.2&#8243; _module_preset=\u00bbdefault\u00bb global_colors_info=\u00bb{}\u00bb]<iframe loading=\"lazy\" src=\"https:\/\/docs.google.com\/forms\/d\/1ajgYYhqGQhNy5IzIkCVI_81MKyjniREAM1cVBbi592Q\/viewform?embedded=true\" width=\"500\" height=\"520\" frameborder=\"0\" marginheight=\"0\" marginwidth=\"0\">Cargando\u2026<\/iframe>[\/et_pb_code][\/et_pb_column][\/et_pb_row][et_pb_row _builder_version=\u00bb4.16&#8243; background_size=\u00bbinitial\u00bb background_position=\u00bbtop_left\u00bb background_repeat=\u00bbrepeat\u00bb min_height=\u00bb70.6px\u00bb custom_padding=\u00bb2px|||||\u00bb global_colors_info=\u00bb{}\u00bb][et_pb_column type=\u00bb4_4&#8243; _builder_version=\u00bb4.16&#8243; custom_padding=\u00bb|||\u00bb global_colors_info=\u00bb{}\u00bb custom_padding__hover=\u00bb|||\u00bb][et_pb_text admin_label=\u00bb\u00bfQui\u00e9nes somos? (Texto)\u00bb _builder_version=\u00bb4.16&#8243; text_font=\u00bbArial||||\u00bb text_text_color=\u00bb#636a70&#8243; text_font_size=\u00bb22&#8243; text_line_height=\u00bb1.6em\u00bb header_font=\u00bbArial||||\u00bb header_text_color=\u00bb#636a70&#8243; header_font_size=\u00bb46px\u00bb background_size=\u00bbinitial\u00bb background_position=\u00bbtop_left\u00bb background_repeat=\u00bbrepeat\u00bb global_colors_info=\u00bb{}\u00bb]<\/p>\n<p class=\"\"><strong>\u00bfQui\u00e9nes somos?<\/strong><strong><img loading=\"lazy\" decoding=\"async\" class=\"wp-image-1598 alignleft\" src=\"https:\/\/alicante.salesianos.edu\/wp-content\/uploads\/2017\/03\/don-bosco.png\" alt=\"\" width=\"29\" height=\"30\" \/><\/strong><\/p>\n<p>[\/et_pb_text][\/et_pb_column][\/et_pb_row][et_pb_row column_structure=\u00bb1_3,1_3,1_3&#8243; _builder_version=\u00bb4.16&#8243; background_size=\u00bbinitial\u00bb background_position=\u00bbtop_left\u00bb background_repeat=\u00bbrepeat\u00bb custom_padding=\u00bb0px|||||\u00bb global_colors_info=\u00bb{}\u00bb][et_pb_column type=\u00bb1_3&#8243; _builder_version=\u00bb4.16&#8243; custom_padding=\u00bb|||\u00bb global_colors_info=\u00bb{}\u00bb custom_padding__hover=\u00bb|||\u00bb][et_pb_blurb title=\u00bbJunta Directiva\u00bb url=\u00bbhttps:\/\/valenciasaa.salesianos.edu\/ampas\/organizacion\/\u00bb use_icon=\u00bbon\u00bb font_icon=\u00bb&#xe0e9;||divi||400&#8243; image_icon_background_color=\u00bb#ffffff\u00bb image_icon_width=\u00bb59px\u00bb admin_label=\u00bbJunta Directiva\u00bb _builder_version=\u00bb4.16&#8243; header_font_size=\u00bb16px\u00bb background_size=\u00bbinitial\u00bb background_position=\u00bbtop_left\u00bb background_repeat=\u00bbrepeat\u00bb image_icon_custom_padding=\u00bb25px|25px|25px|25px|false|false\u00bb text_orientation=\u00bbcenter\u00bb max_width_tablet=\u00bb50px\u00bb animation=\u00bboff\u00bb border_radii_image=\u00bbon|100%|100%|100%|100%\u00bb border_width_all_image=\u00bb3px\u00bb border_color_all_image=\u00bb#636a70&#8243; icon_font_size=\u00bb59px\u00bb use_circle=\u00bbon\u00bb use_circle_border=\u00bbon\u00bb circle_border_color=\u00bb#636a70&#8243; circle_color=\u00bb#ffffff\u00bb global_colors_info=\u00bb{}\u00bb image_icon_background_color__sticky_enabled=\u00bb#dc001b\u00bb image_icon_background_color__sticky=\u00bb#dc001b\u00bb]\u00a0<br \/>\n[\/et_pb_blurb][\/et_pb_column][et_pb_column type=\u00bb1_3&#8243; _builder_version=\u00bb4.16&#8243; custom_padding=\u00bb|||\u00bb global_colors_info=\u00bb{}\u00bb custom_padding__hover=\u00bb|||\u00bb][et_pb_blurb title=\u00bbDocumentos\u00bb url=\u00bbhttps:\/\/valenciasaa.salesianos.edu\/ampas\/documentos\/\u00bb use_icon=\u00bbon\u00bb font_icon=\u00bb&#x69;||divi||400&#8243; image_icon_background_color=\u00bb#ffffff\u00bb image_icon_width=\u00bb59px\u00bb admin_label=\u00bbDocumentos\u00bb _builder_version=\u00bb4.16&#8243; header_font_size=\u00bb16px\u00bb background_size=\u00bbinitial\u00bb background_position=\u00bbtop_left\u00bb background_repeat=\u00bbrepeat\u00bb image_icon_custom_padding=\u00bb25px|25px|25px|25px|false|false\u00bb text_orientation=\u00bbcenter\u00bb max_width_tablet=\u00bb50px\u00bb animation=\u00bboff\u00bb border_radii_image=\u00bbon|100%|100%|100%|100%\u00bb border_width_all_image=\u00bb3px\u00bb border_color_all_image=\u00bb#636a70&#8243; icon_font_size=\u00bb59px\u00bb use_circle=\u00bbon\u00bb use_circle_border=\u00bbon\u00bb circle_border_color=\u00bb#636a70&#8243; circle_color=\u00bb#ffffff\u00bb global_colors_info=\u00bb{}\u00bb image_icon_background_color__sticky_enabled=\u00bb#dc001b\u00bb image_icon_background_color__sticky=\u00bb#dc001b\u00bb]\u00a0<br \/>\n[\/et_pb_blurb][\/et_pb_column][et_pb_column type=\u00bb1_3&#8243; _builder_version=\u00bb4.16&#8243; custom_padding=\u00bb|||\u00bb global_colors_info=\u00bb{}\u00bb custom_padding__hover=\u00bb|||\u00bb][et_pb_blurb title=\u00bbPreguntas frecuentes\u00bb url=\u00bbhttps:\/\/valenciasaa.salesianos.edu\/ampas\/?page_id=7901&#038;preview=true\u00bb use_icon=\u00bbon\u00bb font_icon=\u00bb&#x74;||divi||400&#8243; image_icon_background_color=\u00bb#ffffff\u00bb image_icon_width=\u00bb59px\u00bb admin_label=\u00bbPreguntas frecuentes\u00bb _builder_version=\u00bb4.16&#8243; header_font_size=\u00bb16px\u00bb background_size=\u00bbinitial\u00bb background_position=\u00bbtop_left\u00bb background_repeat=\u00bbrepeat\u00bb image_icon_custom_padding=\u00bb25px|25px|25px|25px|false|false\u00bb text_orientation=\u00bbcenter\u00bb max_width_tablet=\u00bb50px\u00bb animation=\u00bboff\u00bb border_radii_image=\u00bbon|100%|100%|100%|100%\u00bb border_width_all_image=\u00bb3px\u00bb border_color_all_image=\u00bb#636a70&#8243; icon_font_size=\u00bb59px\u00bb use_circle=\u00bbon\u00bb use_circle_border=\u00bbon\u00bb circle_border_color=\u00bb#636a70&#8243; circle_color=\u00bb#ffffff\u00bb global_colors_info=\u00bb{}\u00bb image_icon_background_color__sticky_enabled=\u00bb#dc001b\u00bb image_icon_background_color__sticky=\u00bb#dc001b\u00bb]\u00a0<br \/>\n[\/et_pb_blurb][\/et_pb_column][\/et_pb_row][et_pb_row disabled_on=\u00bbon|on|on\u00bb _builder_version=\u00bb4.16&#8243; background_size=\u00bbinitial\u00bb background_position=\u00bbtop_left\u00bb background_repeat=\u00bbrepeat\u00bb custom_padding=\u00bb0px|||||\u00bb disabled=\u00bbon\u00bb global_colors_info=\u00bb{}\u00bb][et_pb_column type=\u00bb4_4&#8243; _builder_version=\u00bb4.16&#8243; custom_padding=\u00bb|||\u00bb global_colors_info=\u00bb{}\u00bb custom_padding__hover=\u00bb|||\u00bb][et_pb_text admin_label=\u00bbSalesianos (Texto)\u00bb _builder_version=\u00bb4.16&#8243; text_font=\u00bbArial||||\u00bb text_text_color=\u00bb#636a70&#8243; text_font_size=\u00bb22&#8243; text_line_height=\u00bb1.6em\u00bb header_font=\u00bbArial||||\u00bb header_text_color=\u00bb#636a70&#8243; header_font_size=\u00bb46px\u00bb background_size=\u00bbinitial\u00bb background_position=\u00bbtop_left\u00bb background_repeat=\u00bbrepeat\u00bb global_colors_info=\u00bb{}\u00bb]<\/p>\n<p class=\"\"><strong>Salesianos<\/strong><strong><img loading=\"lazy\" decoding=\"async\" class=\"wp-image-1598 alignleft\" src=\"https:\/\/alicante.salesianos.edu\/wp-content\/uploads\/2017\/07\/enlaces_salesianos.png\" alt=\"\" width=\"29\" height=\"30\" \/><\/strong><\/p>\n<p>[\/et_pb_text][\/et_pb_column][\/et_pb_row][et_pb_row disabled_on=\u00bbon|on|on\u00bb module_id=\u00bbportada-web-salesianas\u00bb module_class=\u00bbcinco-columnas\u00bb _builder_version=\u00bb4.16&#8243; disabled=\u00bbon\u00bb global_colors_info=\u00bb{}\u00bb][et_pb_column type=\u00bb4_4&#8243; _builder_version=\u00bb4.16&#8243; custom_padding=\u00bb|||\u00bb global_colors_info=\u00bb{}\u00bb custom_padding__hover=\u00bb|||\u00bb][et_pb_blurb url=\u00bbhttp:\/\/sdb.org\/es\/\u00bb url_new_window=\u00bbon\u00bb image=\u00bbhttps:\/\/inspectoria.salesianos.edu\/wp-content\/uploads\/2017\/04\/01_SDBORG.png\u00bb alt=\u00bbSalesianos en el mundo\u00bb admin_label=\u00bbSDB_org\u00bb _builder_version=\u00bb4.16&#8243; background_size=\u00bbinitial\u00bb background_position=\u00bbtop_left\u00bb background_repeat=\u00bbrepeat\u00bb text_orientation=\u00bbcenter\u00bb global_colors_info=\u00bb{}\u00bb]En el mundo<br \/>\n[\/et_pb_blurb][et_pb_blurb url=\u00bbhttp:\/\/www.donbosco.es\u00bb url_new_window=\u00bbon\u00bb image=\u00bbhttps:\/\/inspectoria.salesianos.edu\/wp-content\/uploads\/2017\/04\/02_DBES.png\u00bb alt=\u00bbSalesianos en Espa\u00f1a\u00bb admin_label=\u00bbDonBosco_ES\u00bb _builder_version=\u00bb4.16&#8243; background_size=\u00bbinitial\u00bb background_position=\u00bbtop_left\u00bb background_repeat=\u00bbrepeat\u00bb text_orientation=\u00bbcenter\u00bb global_colors_info=\u00bb{}\u00bb]En Espa\u00f1a<br \/>\n[\/et_pb_blurb][et_pb_blurb url=\u00bbhttp:\/\/www.salesianos.edu\u00bb url_new_window=\u00bbon\u00bb image=\u00bbhttps:\/\/inspectoria.salesianos.edu\/wp-content\/uploads\/2017\/04\/03_smxedu.png\u00bb admin_label=\u00bbInspector\u00eda\u00bb _builder_version=\u00bb4.16&#8243; background_size=\u00bbinitial\u00bb background_position=\u00bbtop_left\u00bb background_repeat=\u00bbrepeat\u00bb text_orientation=\u00bbcenter\u00bb global_colors_info=\u00bb{}\u00bb]En la Inspector\u00eda<br \/>\n[\/et_pb_blurb][et_pb_blurb url=\u00bbhttp:\/\/www.infoans.org\/es\u00bb url_new_window=\u00bbon\u00bb image=\u00bbhttps:\/\/inspectoria.salesianos.edu\/wp-content\/uploads\/2017\/04\/04_ans.png\u00bb admin_label=\u00bbANS_info\u00bb _builder_version=\u00bb4.16&#8243; background_size=\u00bbinitial\u00bb background_position=\u00bbtop_left\u00bb background_repeat=\u00bbrepeat\u00bb text_orientation=\u00bbcenter\u00bb global_colors_info=\u00bb{}\u00bb]Agencia noticias<br \/>\n[\/et_pb_blurb][et_pb_blurb url=\u00bbhttp:\/\/boletin-salesiano.com\/\u00bb url_new_window=\u00bbon\u00bb image=\u00bbhttps:\/\/inspectoria.salesianos.edu\/wp-content\/uploads\/2017\/04\/05_boletins.png\u00bb admin_label=\u00bbBoletinSalesiano\u00bb _builder_version=\u00bb4.16&#8243; background_size=\u00bbinitial\u00bb background_position=\u00bbtop_left\u00bb background_repeat=\u00bbrepeat\u00bb text_orientation=\u00bbcenter\u00bb global_colors_info=\u00bb{}\u00bb]Bolet\u00edn Salesiano<br \/>\n[\/et_pb_blurb][\/et_pb_column][\/et_pb_row][\/et_pb_section]<\/p>\n","protected":false},"excerpt":{"rendered":"<p>\u00abCONTAMOS CONTIGO\u00bbNoticias de AMPAS\u00a0 Saludo Atenci\u00f3n al p\u00fablico Pedir cita en recepci\u00f3n | 963 655 770 Bienvenido\/a a la web de AMPAS del Colegio Salesiano San Antonio Abad.\u00a1Bienvenidos padres y madres del AMPAS! Todos los que formamos parte del AMPAS somos padres y madres comprometidos con la educaci\u00f3n de nuestros hijos en particular, y con [&hellip;]<\/p>\n","protected":false},"author":2,"featured_media":0,"parent":0,"menu_order":0,"comment_status":"closed","ping_status":"closed","template":"","meta":{"_et_pb_use_builder":"on","_et_pb_old_content":"","_et_gb_content_width":"","footnotes":""},"class_list":["post-430","page","type-page","status-publish","hentry"],"yoast_head":"<!-- This site is optimized with the Yoast SEO plugin v28.4 - https:\/\/yoast.com\/product\/yoast-seo-wordpress\/ -->\n<title>Inicio - AMPAS<\/title>\n<meta name=\"robots\" content=\"index, follow, max-snippet:-1, max-image-preview:large, max-video-preview:-1\" \/>\n<link rel=\"canonical\" href=\"https:\/\/valenciasaa.salesianos.edu\/ampas\/\" \/>\n<meta property=\"og:locale\" content=\"es_ES\" \/>\n<meta property=\"og:type\" content=\"article\" \/>\n<meta property=\"og:title\" content=\"Inicio - AMPAS\" \/>\n<meta property=\"og:description\" content=\"&quot;CONTAMOS CONTIGO&quot;Noticias de AMPAS\u00a0 Saludo Atenci\u00f3n al p\u00fablico Pedir cita en recepci\u00f3n | 963 655 770 Bienvenido\/a a la web de AMPAS del Colegio Salesiano San Antonio Abad.\u00a1Bienvenidos padres y madres del AMPAS! Todos los que formamos parte del AMPAS somos padres y madres comprometidos con la educaci\u00f3n de nuestros hijos en particular, y con [&hellip;]\" \/>\n<meta property=\"og:url\" content=\"https:\/\/valenciasaa.salesianos.edu\/ampas\/\" \/>\n<meta property=\"og:site_name\" content=\"AMPAS\" \/>\n<meta property=\"article:modified_time\" content=\"2025-02-12T09:30:30+00:00\" \/>\n<meta name=\"twitter:card\" content=\"summary_large_image\" \/>\n<meta name=\"twitter:label1\" content=\"Tiempo de lectura\" \/>\n\t<meta name=\"twitter:data1\" content=\"5 minutos\" \/>\n<script type=\"application\/ld+json\" class=\"yoast-schema-graph\">{\"@context\":\"https:\\\/\\\/schema.org\",\"@graph\":[{\"@type\":\"WebPage\",\"@id\":\"https:\\\/\\\/valenciasaa.salesianos.edu\\\/ampas\\\/\",\"url\":\"https:\\\/\\\/valenciasaa.salesianos.edu\\\/ampas\\\/\",\"name\":\"Inicio - AMPAS\",\"isPartOf\":{\"@id\":\"https:\\\/\\\/valenciasaa.salesianos.edu\\\/ampas\\\/#website\"},\"primaryImageOfPage\":{\"@id\":\"https:\\\/\\\/valenciasaa.salesianos.edu\\\/ampas\\\/#primaryimage\"},\"image\":{\"@id\":\"https:\\\/\\\/valenciasaa.salesianos.edu\\\/ampas\\\/#primaryimage\"},\"thumbnailUrl\":\"https:\\\/\\\/alicante.salesianos.edu\\\/wp-content\\\/uploads\\\/2017\\\/03\\\/Captura-de-pantalla-2017-05-24-a-las-13.27.09-150x150.png\",\"datePublished\":\"2017-04-03T12:24:37+00:00\",\"dateModified\":\"2025-02-12T09:30:30+00:00\",\"breadcrumb\":{\"@id\":\"https:\\\/\\\/valenciasaa.salesianos.edu\\\/ampas\\\/#breadcrumb\"},\"inLanguage\":\"es\",\"potentialAction\":[{\"@type\":\"ReadAction\",\"target\":[\"https:\\\/\\\/valenciasaa.salesianos.edu\\\/ampas\\\/\"]}]},{\"@type\":\"ImageObject\",\"inLanguage\":\"es\",\"@id\":\"https:\\\/\\\/valenciasaa.salesianos.edu\\\/ampas\\\/#primaryimage\",\"url\":\"https:\\\/\\\/alicante.salesianos.edu\\\/wp-content\\\/uploads\\\/2017\\\/03\\\/Captura-de-pantalla-2017-05-24-a-las-13.27.09-150x150.png\",\"contentUrl\":\"https:\\\/\\\/alicante.salesianos.edu\\\/wp-content\\\/uploads\\\/2017\\\/03\\\/Captura-de-pantalla-2017-05-24-a-las-13.27.09-150x150.png\"},{\"@type\":\"BreadcrumbList\",\"@id\":\"https:\\\/\\\/valenciasaa.salesianos.edu\\\/ampas\\\/#breadcrumb\",\"itemListElement\":[{\"@type\":\"ListItem\",\"position\":1,\"name\":\"Portada\",\"item\":\"https:\\\/\\\/valenciasaa.salesianos.edu\\\/ampas\\\/\"},{\"@type\":\"ListItem\",\"position\":2,\"name\":\"Inicio\"}]},{\"@type\":\"WebSite\",\"@id\":\"https:\\\/\\\/valenciasaa.salesianos.edu\\\/ampas\\\/#website\",\"url\":\"https:\\\/\\\/valenciasaa.salesianos.edu\\\/ampas\\\/\",\"name\":\"AMPAS\",\"description\":\"P\u00e1gina oficial de Salesianos San Antonio Abad Valencia\",\"potentialAction\":[{\"@type\":\"SearchAction\",\"target\":{\"@type\":\"EntryPoint\",\"urlTemplate\":\"https:\\\/\\\/valenciasaa.salesianos.edu\\\/ampas\\\/?s={search_term_string}\"},\"query-input\":{\"@type\":\"PropertyValueSpecification\",\"valueRequired\":true,\"valueName\":\"search_term_string\"}}],\"inLanguage\":\"es\"}]}<\/script>\n<!-- \/ Yoast SEO plugin. -->","yoast_head_json":{"title":"Inicio - AMPAS","robots":{"index":"index","follow":"follow","max-snippet":"max-snippet:-1","max-image-preview":"max-image-preview:large","max-video-preview":"max-video-preview:-1"},"canonical":"https:\/\/valenciasaa.salesianos.edu\/ampas\/","og_locale":"es_ES","og_type":"article","og_title":"Inicio - AMPAS","og_description":"\"CONTAMOS CONTIGO\"Noticias de AMPAS\u00a0 Saludo Atenci\u00f3n al p\u00fablico Pedir cita en recepci\u00f3n | 963 655 770 Bienvenido\/a a la web de AMPAS del Colegio Salesiano San Antonio Abad.\u00a1Bienvenidos padres y madres del AMPAS! Todos los que formamos parte del AMPAS somos padres y madres comprometidos con la educaci\u00f3n de nuestros hijos en particular, y con [&hellip;]","og_url":"https:\/\/valenciasaa.salesianos.edu\/ampas\/","og_site_name":"AMPAS","article_modified_time":"2025-02-12T09:30:30+00:00","twitter_card":"summary_large_image","twitter_misc":{"Tiempo de lectura":"5 minutos"},"schema":{"@context":"https:\/\/schema.org","@graph":[{"@type":"WebPage","@id":"https:\/\/valenciasaa.salesianos.edu\/ampas\/","url":"https:\/\/valenciasaa.salesianos.edu\/ampas\/","name":"Inicio - AMPAS","isPartOf":{"@id":"https:\/\/valenciasaa.salesianos.edu\/ampas\/#website"},"primaryImageOfPage":{"@id":"https:\/\/valenciasaa.salesianos.edu\/ampas\/#primaryimage"},"image":{"@id":"https:\/\/valenciasaa.salesianos.edu\/ampas\/#primaryimage"},"thumbnailUrl":"https:\/\/alicante.salesianos.edu\/wp-content\/uploads\/2017\/03\/Captura-de-pantalla-2017-05-24-a-las-13.27.09-150x150.png","datePublished":"2017-04-03T12:24:37+00:00","dateModified":"2025-02-12T09:30:30+00:00","breadcrumb":{"@id":"https:\/\/valenciasaa.salesianos.edu\/ampas\/#breadcrumb"},"inLanguage":"es","potentialAction":[{"@type":"ReadAction","target":["https:\/\/valenciasaa.salesianos.edu\/ampas\/"]}]},{"@type":"ImageObject","inLanguage":"es","@id":"https:\/\/valenciasaa.salesianos.edu\/ampas\/#primaryimage","url":"https:\/\/alicante.salesianos.edu\/wp-content\/uploads\/2017\/03\/Captura-de-pantalla-2017-05-24-a-las-13.27.09-150x150.png","contentUrl":"https:\/\/alicante.salesianos.edu\/wp-content\/uploads\/2017\/03\/Captura-de-pantalla-2017-05-24-a-las-13.27.09-150x150.png"},{"@type":"BreadcrumbList","@id":"https:\/\/valenciasaa.salesianos.edu\/ampas\/#breadcrumb","itemListElement":[{"@type":"ListItem","position":1,"name":"Portada","item":"https:\/\/valenciasaa.salesianos.edu\/ampas\/"},{"@type":"ListItem","position":2,"name":"Inicio"}]},{"@type":"WebSite","@id":"https:\/\/valenciasaa.salesianos.edu\/ampas\/#website","url":"https:\/\/valenciasaa.salesianos.edu\/ampas\/","name":"AMPAS","description":"P\u00e1gina oficial de Salesianos San Antonio Abad Valencia","potentialAction":[{"@type":"SearchAction","target":{"@type":"EntryPoint","urlTemplate":"https:\/\/valenciasaa.salesianos.edu\/ampas\/?s={search_term_string}"},"query-input":{"@type":"PropertyValueSpecification","valueRequired":true,"valueName":"search_term_string"}}],"inLanguage":"es"}]}},"_links":{"self":[{"href":"https:\/\/valenciasaa.salesianos.edu\/ampas\/wp-json\/wp\/v2\/pages\/430","targetHints":{"allow":["GET"]}}],"collection":[{"href":"https:\/\/valenciasaa.salesianos.edu\/ampas\/wp-json\/wp\/v2\/pages"}],"about":[{"href":"https:\/\/valenciasaa.salesianos.edu\/ampas\/wp-json\/wp\/v2\/types\/page"}],"author":[{"embeddable":true,"href":"https:\/\/valenciasaa.salesianos.edu\/ampas\/wp-json\/wp\/v2\/users\/2"}],"replies":[{"embeddable":true,"href":"https:\/\/valenciasaa.salesianos.edu\/ampas\/wp-json\/wp\/v2\/comments?post=430"}],"version-history":[{"count":75,"href":"https:\/\/valenciasaa.salesianos.edu\/ampas\/wp-json\/wp\/v2\/pages\/430\/revisions"}],"predecessor-version":[{"id":8603,"href":"https:\/\/valenciasaa.salesianos.edu\/ampas\/wp-json\/wp\/v2\/pages\/430\/revisions\/8603"}],"wp:attachment":[{"href":"https:\/\/valenciasaa.salesianos.edu\/ampas\/wp-json\/wp\/v2\/media?parent=430"}],"curies":[{"name":"wp","href":"https:\/\/api.w.org\/{rel}","templated":true}]}}