{"id":2614,"date":"2017-06-21T22:54:41","date_gmt":"2017-06-21T20:54:41","guid":{"rendered":"https:\/\/valenciasaa.salesianos.edu\/parroquia\/?page_id=2614"},"modified":"2017-10-06T10:06:05","modified_gmt":"2017-10-06T08:06:05","slug":"catequesis","status":"publish","type":"page","link":"https:\/\/valenciasaa.salesianos.edu\/parroquia\/catequesis\/","title":{"rendered":"Catequesis"},"content":{"rendered":"<p>[et_pb_section fb_built=\u00bb1&#8243; fullwidth=\u00bbon\u00bb admin_label=\u00bbSecci\u00f3n\u00bb _builder_version=\u00bb3.0.50&#8243; background_image=\u00bbhttps:\/\/valenciasaa.salesianos.edu\/parroquia\/wp-content\/uploads\/sites\/6\/2017\/06\/bp04.jpg\u00bb][et_pb_fullwidth_header title=\u00bbCatequesis\u00bb title_font_color=\u00bb#ffffff\u00bb module_class=\u00bbpagina-imagen-cabecera\u00bb _builder_version=\u00bb3.0.76&#8243; title_font_size=\u00bb40px\u00bb background_url=\u00bbhttp:\/\/webpiloto.salesianos.edu\/wp-content\/uploads\/2017\/02\/ImagenPAGINA01.png\u00bb background_image=\u00bbhttps:\/\/valenciasaa.salesianos.edu\/parroquia\/wp-content\/uploads\/sites\/6\/2017\/09\/igelsia-3.jpg\u00bb][\/et_pb_fullwidth_header][\/et_pb_section][et_pb_section fb_built=\u00bb1&#8243; admin_label=\u00bbSecci\u00f3n\u00bb module_class=\u00bbpagina-seccion-contenido\u00bb _builder_version=\u00bb3.0.47&#8243; custom_padding=\u00bb-4%||0px|\u00bb][et_pb_row custom_padding=\u00bb30px|0px|0px|0px\u00bb parallax_method_1=\u00bboff\u00bb admin_label=\u00bbFila\u00bb module_class=\u00bbpagina-texto\u00bb _builder_version=\u00bb3.0.47&#8243; background_size=\u00bbinitial\u00bb background_position=\u00bbtop_left\u00bb background_repeat=\u00bbrepeat\u00bb _i=\u00bb0&#8243; _address=\u00bb1.0&#8243;][et_pb_column type=\u00bb4_4&#8243; _builder_version=\u00bb3.0.47&#8243; parallax=\u00bboff\u00bb parallax_method=\u00bboff\u00bb][et_pb_text admin_label=\u00bbTexto\u00bb _builder_version=\u00bb3.0.47&#8243; background_size=\u00bbinitial\u00bb background_position=\u00bbtop_left\u00bb background_repeat=\u00bbrepeat\u00bb _i=\u00bb0&#8243; _address=\u00bb1.0.0.0&#8243;]<\/p>\n<h2>Catequesis<\/h2>\n<p style=\"text-align: justify;\">La catequesis es prioritaria en la acci\u00f3n pastoral de la parroquia. Tanto m\u00e1s cuanto nuestra parroquia tiene una preferencia por los j\u00f3venes y las clases populares.<\/p>\n<p style=\"text-align: justify;\">El mandato de Jes\u00fas: \u201cId y predicad\u201d no implica s\u00f3lo a los sacerdotes sino que es tarea de todos los creyentes. Es la raz\u00f3n por la cual apoyamos la catequesis de ni\u00f1os y adolescentes con todas nuestras fuerzas. Pretendemos, adem\u00e1s, involucrar a las familias en la catequesis y la formaci\u00f3n en la fe de los destinatarios.<\/p>\n<p style=\"text-align: justify;\">Pretendemos que la catequesis forme parte de un proceso de personalizaci\u00f3n de la fe, en un largo camino, debidamente acompa\u00f1ado, y haciendo experiencia de los distintos pro-cesos que se van integrando en la ida del creyente: inserci\u00f3n en una comunidad cristia-na, sacramentos, oraci\u00f3n, Palabra de Dios, compromiso con los m\u00e1s \u201cnecesitados\u201d, des-cubrimiento de la propia vocaci\u00f3n, etc\u2026<\/p>\n<p style=\"text-align: justify;\">Por ello ofrecemos catequesis para todas las edades.<\/p>\n<p>[\/et_pb_text][\/et_pb_column][\/et_pb_row][et_pb_row _builder_version=\u00bb3.0.51&#8243;][et_pb_column type=\u00bb1_4&#8243; _builder_version=\u00bb3.0.51&#8243; parallax=\u00bboff\u00bb parallax_method=\u00bbon\u00bb][et_pb_blurb image=\u00bbhttps:\/\/valenciasaa.salesianos.edu\/parroquia\/wp-content\/uploads\/sites\/6\/2017\/07\/logotipo-con-forma-de-cruz_1025-10.jpg\u00bb _builder_version=\u00bb3.0.51&#8243;][\/et_pb_blurb][\/et_pb_column][et_pb_column type=\u00bb3_4&#8243; _builder_version=\u00bb3.0.51&#8243; parallax=\u00bboff\u00bb parallax_method=\u00bbon\u00bb][et_pb_accordion _builder_version=\u00bb3.0.51&#8243;][et_pb_accordion_item title=\u00bbCatequesis de Comuni\u00f3n\u00bb open=\u00bbon\u00bb _builder_version=\u00bb3.0.51&#8243;]<\/p>\n<p style=\"text-align: justify;\">Se inicia con los ni\u00f1os y ni\u00f1as de 2\u00ba de primaria y reciben la primera comuni\u00f3n al final del tercero. Las sesiones de catequesis tienen lugar los mi\u00e9rcoles de 18 a 19 y son imparti-das por un grupo de catequistas animados y dirigidos por el vicario de la parroquia.<\/p>\n<p style=\"text-align: justify;\">La formaci\u00f3n y el seguimiento de los catequistas es responsabilidad del vicario parroquial. Los catequistas se re\u00fanen antes y despu\u00e9s de la catequesis para programar y evaluar las catequesis. Ocasionalmente tienen formaci\u00f3n animada por el vicario.<\/p>\n<p style=\"text-align: justify;\">Los ni\u00f1os y ni\u00f1as que no viven en el territorio de nuestra parroquia se han de poner de acuerdo con su propio p\u00e1rroco para poder hacer la catequesis en Mar\u00eda Auxiliadora.<\/p>\n<p style=\"text-align: justify;\">\u00cdntimamente unida a la catequesis de los ni\u00f1os est\u00e1 la formaci\u00f3n de los padres a los que se les ofrece una sesi\u00f3n mensual de formaci\u00f3n en la fe.<\/p>\n<p style=\"text-align: justify;\">A los ni\u00f1os y ni\u00f1as se les insisten en que participen en la misa dominical con sus padres con el fin de que la primera comuni\u00f3n est\u00e9 contextualizada en una comunidad parroquial.<\/p>\n<p>[\/et_pb_accordion_item][et_pb_accordion_item title=\u00bbCatequesis de Post-comuni\u00f3n\u00bb _builder_version=\u00bb3.0.51&#8243; open=\u00bboff\u00bb]<\/p>\n<p style=\"text-align: justify;\">A quienes han hecho la primera comuni\u00f3n se les ofrece continuar la formaci\u00f3n cristiana a trav\u00e9s del itinerario de la fe en el contexto del Centro Juvenil de la Obra Salesiana. Las sesiones de catequesis tienen lugar los viernes despu\u00e9s de las clases.<\/p>\n<p>[\/et_pb_accordion_item][et_pb_accordion_item title=\u00bbCatequesis de Confirmaci\u00f3n\u00bb _builder_version=\u00bb3.0.51&#8243; open=\u00bboff\u00bb]<\/p>\n<p style=\"text-align: justify;\">Hacer la catequesis de confirmaci\u00f3n es una opci\u00f3n libre y voluntaria de los propios ado-lescentes que se comprometen a asistir a las sesiones de catequesis bajo su propia res-ponsabilidad. Se inicia con los adolescentes que cursan 3\u00ba de ESO y se confirman al final de 4\u00ba de ESO. Adem\u00e1s de los j\u00f3venes de nuestra demarcaci\u00f3n parroquial, son invitados los alumnos y alumnas del colegio salesiano y del colegio Santa Rosa Alto Arag\u00f3n ubicado en el territorio parroquial.<\/p>\n<p style=\"text-align: justify;\">Las catequesis son impartidas por un grupo de catequistas en grupos de entre 10 a 15 chicos y chicas mezclando cursos y colegios de procedencia.<\/p>\n<p style=\"text-align: justify;\">Los catequistas se re\u00fanen antes y despu\u00e9s de la sesi\u00f3n de catequesis para programar y evaluar las catequesis. Ocasionalmente tienen sesiones de formaci\u00f3n y est\u00e1n coordina-dos por el p\u00e1rroco.<\/p>\n<p>[\/et_pb_accordion_item][et_pb_accordion_item title=\u00bbCatequesis de Post-confirmaci\u00f3n\u00bb _builder_version=\u00bb3.0.51&#8243; open=\u00bboff\u00bb]<\/p>\n<p style=\"text-align: justify;\"><span>Se realiza en el contexto del Centro Juvenil a trav\u00e9s del itinerario de fe.<\/span><\/p>\n<p>[\/et_pb_accordion_item][et_pb_accordion_item title=\u00bbCatequesis de adultos \u00bb _builder_version=\u00bb3.0.51&#8243; open=\u00bboff\u00bb]<\/p>\n<p>Actualmente funciona como Grupos de Fe que tiene una reuni\u00f3n semanal por las tardes-noches.<\/p>\n<p>[\/et_pb_accordion_item][\/et_pb_accordion][\/et_pb_column][\/et_pb_row][\/et_pb_section]<\/p>\n","protected":false},"excerpt":{"rendered":"<p>Catequesis La catequesis es prioritaria en la acci\u00f3n pastoral de la parroquia. Tanto m\u00e1s cuanto nuestra parroquia tiene una preferencia por los j\u00f3venes y las clases populares. El mandato de Jes\u00fas: \u201cId y predicad\u201d no implica s\u00f3lo a los sacerdotes sino que es tarea de todos los creyentes. Es la raz\u00f3n por la cual apoyamos [&hellip;]<\/p>\n","protected":false},"author":2,"featured_media":0,"parent":0,"menu_order":0,"comment_status":"closed","ping_status":"closed","template":"","meta":{"_et_pb_use_builder":"on","_et_pb_old_content":"","_et_gb_content_width":"","footnotes":""},"class_list":["post-2614","page","type-page","status-publish","hentry"],"yoast_head":"<!-- This site is optimized with the Yoast SEO plugin v28.4 - https:\/\/yoast.com\/product\/yoast-seo-wordpress\/ -->\n<title>Catequesis - Parroquia Salesiana San Antonio Abad<\/title>\n<meta name=\"robots\" content=\"index, follow, max-snippet:-1, max-image-preview:large, max-video-preview:-1\" \/>\n<link rel=\"canonical\" href=\"https:\/\/valenciasaa.salesianos.edu\/parroquia\/catequesis\/\" \/>\n<meta property=\"og:locale\" content=\"es_ES\" \/>\n<meta property=\"og:type\" content=\"article\" \/>\n<meta property=\"og:title\" content=\"Catequesis - Parroquia Salesiana San Antonio Abad\" \/>\n<meta property=\"og:description\" content=\"Catequesis La catequesis es prioritaria en la acci\u00f3n pastoral de la parroquia. Tanto m\u00e1s cuanto nuestra parroquia tiene una preferencia por los j\u00f3venes y las clases populares. El mandato de Jes\u00fas: \u201cId y predicad\u201d no implica s\u00f3lo a los sacerdotes sino que es tarea de todos los creyentes. Es la raz\u00f3n por la cual apoyamos [&hellip;]\" \/>\n<meta property=\"og:url\" content=\"https:\/\/valenciasaa.salesianos.edu\/parroquia\/catequesis\/\" \/>\n<meta property=\"og:site_name\" content=\"Parroquia Salesiana San Antonio Abad\" \/>\n<meta property=\"article:modified_time\" content=\"2017-10-06T08:06:05+00:00\" \/>\n<meta name=\"twitter:card\" content=\"summary_large_image\" \/>\n<meta name=\"twitter:label1\" content=\"Tiempo de lectura\" \/>\n\t<meta name=\"twitter:data1\" content=\"4 minutos\" \/>\n<script type=\"application\/ld+json\" class=\"yoast-schema-graph\">{\"@context\":\"https:\\\/\\\/schema.org\",\"@graph\":[{\"@type\":\"WebPage\",\"@id\":\"https:\\\/\\\/valenciasaa.salesianos.edu\\\/parroquia\\\/catequesis\\\/\",\"url\":\"https:\\\/\\\/valenciasaa.salesianos.edu\\\/parroquia\\\/catequesis\\\/\",\"name\":\"Catequesis - Parroquia Salesiana San Antonio Abad\",\"isPartOf\":{\"@id\":\"https:\\\/\\\/valenciasaa.salesianos.edu\\\/parroquia\\\/#website\"},\"datePublished\":\"2017-06-21T20:54:41+00:00\",\"dateModified\":\"2017-10-06T08:06:05+00:00\",\"breadcrumb\":{\"@id\":\"https:\\\/\\\/valenciasaa.salesianos.edu\\\/parroquia\\\/catequesis\\\/#breadcrumb\"},\"inLanguage\":\"es\",\"potentialAction\":[{\"@type\":\"ReadAction\",\"target\":[\"https:\\\/\\\/valenciasaa.salesianos.edu\\\/parroquia\\\/catequesis\\\/\"]}]},{\"@type\":\"BreadcrumbList\",\"@id\":\"https:\\\/\\\/valenciasaa.salesianos.edu\\\/parroquia\\\/catequesis\\\/#breadcrumb\",\"itemListElement\":[{\"@type\":\"ListItem\",\"position\":1,\"name\":\"Portada\",\"item\":\"https:\\\/\\\/valenciasaa.salesianos.edu\\\/parroquia\\\/\"},{\"@type\":\"ListItem\",\"position\":2,\"name\":\"Catequesis\"}]},{\"@type\":\"WebSite\",\"@id\":\"https:\\\/\\\/valenciasaa.salesianos.edu\\\/parroquia\\\/#website\",\"url\":\"https:\\\/\\\/valenciasaa.salesianos.edu\\\/parroquia\\\/\",\"name\":\"Parroquia Salesiana San Antonio Abad\",\"description\":\"P\u00e1gina oficial de Salesianos San Antonio Abad Valencia\",\"potentialAction\":[{\"@type\":\"SearchAction\",\"target\":{\"@type\":\"EntryPoint\",\"urlTemplate\":\"https:\\\/\\\/valenciasaa.salesianos.edu\\\/parroquia\\\/?s={search_term_string}\"},\"query-input\":{\"@type\":\"PropertyValueSpecification\",\"valueRequired\":true,\"valueName\":\"search_term_string\"}}],\"inLanguage\":\"es\"}]}<\/script>\n<!-- \/ Yoast SEO plugin. -->","yoast_head_json":{"title":"Catequesis - Parroquia Salesiana San Antonio Abad","robots":{"index":"index","follow":"follow","max-snippet":"max-snippet:-1","max-image-preview":"max-image-preview:large","max-video-preview":"max-video-preview:-1"},"canonical":"https:\/\/valenciasaa.salesianos.edu\/parroquia\/catequesis\/","og_locale":"es_ES","og_type":"article","og_title":"Catequesis - Parroquia Salesiana San Antonio Abad","og_description":"Catequesis La catequesis es prioritaria en la acci\u00f3n pastoral de la parroquia. Tanto m\u00e1s cuanto nuestra parroquia tiene una preferencia por los j\u00f3venes y las clases populares. El mandato de Jes\u00fas: \u201cId y predicad\u201d no implica s\u00f3lo a los sacerdotes sino que es tarea de todos los creyentes. Es la raz\u00f3n por la cual apoyamos [&hellip;]","og_url":"https:\/\/valenciasaa.salesianos.edu\/parroquia\/catequesis\/","og_site_name":"Parroquia Salesiana San Antonio Abad","article_modified_time":"2017-10-06T08:06:05+00:00","twitter_card":"summary_large_image","twitter_misc":{"Tiempo de lectura":"4 minutos"},"schema":{"@context":"https:\/\/schema.org","@graph":[{"@type":"WebPage","@id":"https:\/\/valenciasaa.salesianos.edu\/parroquia\/catequesis\/","url":"https:\/\/valenciasaa.salesianos.edu\/parroquia\/catequesis\/","name":"Catequesis - Parroquia Salesiana San Antonio Abad","isPartOf":{"@id":"https:\/\/valenciasaa.salesianos.edu\/parroquia\/#website"},"datePublished":"2017-06-21T20:54:41+00:00","dateModified":"2017-10-06T08:06:05+00:00","breadcrumb":{"@id":"https:\/\/valenciasaa.salesianos.edu\/parroquia\/catequesis\/#breadcrumb"},"inLanguage":"es","potentialAction":[{"@type":"ReadAction","target":["https:\/\/valenciasaa.salesianos.edu\/parroquia\/catequesis\/"]}]},{"@type":"BreadcrumbList","@id":"https:\/\/valenciasaa.salesianos.edu\/parroquia\/catequesis\/#breadcrumb","itemListElement":[{"@type":"ListItem","position":1,"name":"Portada","item":"https:\/\/valenciasaa.salesianos.edu\/parroquia\/"},{"@type":"ListItem","position":2,"name":"Catequesis"}]},{"@type":"WebSite","@id":"https:\/\/valenciasaa.salesianos.edu\/parroquia\/#website","url":"https:\/\/valenciasaa.salesianos.edu\/parroquia\/","name":"Parroquia Salesiana San Antonio Abad","description":"P\u00e1gina oficial de Salesianos San Antonio Abad Valencia","potentialAction":[{"@type":"SearchAction","target":{"@type":"EntryPoint","urlTemplate":"https:\/\/valenciasaa.salesianos.edu\/parroquia\/?s={search_term_string}"},"query-input":{"@type":"PropertyValueSpecification","valueRequired":true,"valueName":"search_term_string"}}],"inLanguage":"es"}]}},"_links":{"self":[{"href":"https:\/\/valenciasaa.salesianos.edu\/parroquia\/wp-json\/wp\/v2\/pages\/2614","targetHints":{"allow":["GET"]}}],"collection":[{"href":"https:\/\/valenciasaa.salesianos.edu\/parroquia\/wp-json\/wp\/v2\/pages"}],"about":[{"href":"https:\/\/valenciasaa.salesianos.edu\/parroquia\/wp-json\/wp\/v2\/types\/page"}],"author":[{"embeddable":true,"href":"https:\/\/valenciasaa.salesianos.edu\/parroquia\/wp-json\/wp\/v2\/users\/2"}],"replies":[{"embeddable":true,"href":"https:\/\/valenciasaa.salesianos.edu\/parroquia\/wp-json\/wp\/v2\/comments?post=2614"}],"version-history":[{"count":5,"href":"https:\/\/valenciasaa.salesianos.edu\/parroquia\/wp-json\/wp\/v2\/pages\/2614\/revisions"}],"predecessor-version":[{"id":2766,"href":"https:\/\/valenciasaa.salesianos.edu\/parroquia\/wp-json\/wp\/v2\/pages\/2614\/revisions\/2766"}],"wp:attachment":[{"href":"https:\/\/valenciasaa.salesianos.edu\/parroquia\/wp-json\/wp\/v2\/media?parent=2614"}],"curies":[{"name":"wp","href":"https:\/\/api.w.org\/{rel}","templated":true}]}}